{"id":16473,"date":"2025-10-28T21:58:23","date_gmt":"2025-10-29T02:58:23","guid":{"rendered":"https:\/\/legalnova.co\/politica-de-tratamiento-de-datos\/"},"modified":"2025-12-03T12:13:50","modified_gmt":"2025-12-03T17:13:50","slug":"politica-de-tratamiento-de-datos","status":"publish","type":"page","link":"https:\/\/legalnova.co\/es\/politica-de-tratamiento-de-datos\/","title":{"rendered":"Pol\u00edtica de privacidad"},"content":{"rendered":"\t\t<div data-elementor-type=\"wp-page\" data-elementor-id=\"16473\" class=\"elementor elementor-16473 elementor-35\" data-elementor-post-type=\"page\">\n\t\t\t\t<div class=\"elementor-element elementor-element-13e4bd3 e-flex e-con-boxed wcf-starter-animations-none e-con e-parent\" data-id=\"13e4bd3\" data-element_type=\"container\" data-settings=\"{&quot;wcf_enable_cursor_hover_effect_text&quot;:&quot;View&quot;,&quot;wcf-animation&quot;:&quot;none&quot;,&quot;wcf_enable_pin_area&quot;:&quot;no&quot;,&quot;aae_enable_header_sticky_area&quot;:&quot;no&quot;,&quot;wcf_enable_horizontal_scroll&quot;:&quot;no&quot;}\">\n\t\t\t\t\t<div class=\"e-con-inner\">\n\t\t<div class=\"elementor-element elementor-element-b0cb581 e-con-full e-flex wcf-starter-animations-none e-con e-child\" data-id=\"b0cb581\" data-element_type=\"container\" data-settings=\"{&quot;wcf_enable_cursor_hover_effect_text&quot;:&quot;View&quot;,&quot;wcf-animation&quot;:&quot;none&quot;,&quot;wcf_enable_pin_area&quot;:&quot;no&quot;,&quot;aae_enable_header_sticky_area&quot;:&quot;no&quot;,&quot;wcf_enable_horizontal_scroll&quot;:&quot;no&quot;}\">\n\t\t\t\t<div class=\"elementor-element elementor-element-e865a64 wcf-starter-animations-none wcf-t-animation-none elementor-widget elementor-widget-wcf--title\" data-id=\"e865a64\" data-element_type=\"widget\" data-settings=\"{&quot;wcf_starter_animations&quot;:&quot;none&quot;,&quot;wcf_anim_duration&quot;:1000,&quot;wcf_anim_delay&quot;:0,&quot;wcf_anim_ease&quot;:&quot;ease&quot;,&quot;wcf_text_animation&quot;:&quot;none&quot;,&quot;wcf-animation&quot;:&quot;none&quot;}\" data-widget_type=\"wcf--title.default\">\n\t\t\t\t<div class=\"elementor-widget-container\">\n\t\t\t\t\t<h1 class=\"wcf--title\">Pol\u00edtica de Privacidad y Tratamiento de Datos<\/h1>\t\t\t\t<\/div>\n\t\t\t\t<\/div>\n\t\t\t\t<div class=\"elementor-element elementor-element-02a8179 wcf-starter-animations-none wcf-t-animation-none elementor-widget elementor-widget-text-editor\" data-id=\"02a8179\" data-element_type=\"widget\" data-settings=\"{&quot;wcf_starter_animations&quot;:&quot;none&quot;,&quot;wcf_anim_duration&quot;:1000,&quot;wcf_anim_delay&quot;:0,&quot;wcf_anim_ease&quot;:&quot;ease&quot;,&quot;wcf_text_animation&quot;:&quot;none&quot;,&quot;wcf-animation&quot;:&quot;none&quot;}\" data-widget_type=\"text-editor.default\">\n\t\t\t\t\t\t\t\t\t<p>Bienvenido al Universo legalnova*.<\/p><p> <\/p><p>legalnova* es una firma consultora con presencia en EE. UU. y COL que ofrece soluciones legales, contables y fiscales a proyectos de innovaci\u00f3n en LATAM. Tenemos 2 verticales: Startups y Corporativos. <\/p><p> <\/p><p>Transformamos lo tradicional con soluciones integrales e internacionales, combinando innovaci\u00f3n, tecnolog\u00eda y aprendizaje continuo para generar confianza y valor a nuestros clientes.<\/p><p>Nuestro compromiso es construir una alianza exitosa basada en la claridad y la confianza. Esta pol\u00edtica explica c\u00f3mo recolectamos, usamos, almacenamos y protegemos su informaci\u00f3n personal, en cumplimiento de la Ley 1581 de 2012 y sus decretos reglamentarios en Colombia. <\/p><p> <\/p><p><em>Al aceptar nuestra Propuesta Comercial y nuestros T\u00e9rminos y Condiciones, tambi\u00e9n acepta las pr\u00e1cticas descritas en esta Pol\u00edtica.<\/em><\/p>\t\t\t\t\t\t\t\t<\/div>\n\t\t\t\t<div class=\"elementor-element elementor-element-0ba6c38 wcf-starter-animations-none wcf-t-animation-none elementor-widget elementor-widget-wcf--title\" data-id=\"0ba6c38\" data-element_type=\"widget\" data-settings=\"{&quot;wcf_starter_animations&quot;:&quot;none&quot;,&quot;wcf_anim_duration&quot;:1000,&quot;wcf_anim_delay&quot;:0,&quot;wcf_anim_ease&quot;:&quot;ease&quot;,&quot;wcf_text_animation&quot;:&quot;none&quot;,&quot;wcf-animation&quot;:&quot;none&quot;}\" data-widget_type=\"wcf--title.default\">\n\t\t\t\t<div class=\"elementor-widget-container\">\n\t\t\t\t\t<h2 class=\"wcf--title\">\u00bfQui\u00e9nes conforman legalnova*?<\/h2>\t\t\t\t<\/div>\n\t\t\t\t<\/div>\n\t\t\t\t<div class=\"elementor-element elementor-element-6bf475d wcf-starter-animations-none wcf-t-animation-none elementor-widget elementor-widget-text-editor\" data-id=\"6bf475d\" data-element_type=\"widget\" data-settings=\"{&quot;wcf_starter_animations&quot;:&quot;none&quot;,&quot;wcf_anim_duration&quot;:1000,&quot;wcf_anim_delay&quot;:0,&quot;wcf_anim_ease&quot;:&quot;ease&quot;,&quot;wcf_text_animation&quot;:&quot;none&quot;,&quot;wcf-animation&quot;:&quot;none&quot;}\" data-widget_type=\"text-editor.default\">\n\t\t\t\t\t\t\t\t\t<p>Somos diferentes sociedades en Colombia y Estados Unidos, lo que nos permite prestar un mejor servicio a nuestros clientes nacionales e internacionales:<\/p><p> <\/p><p>Derecho + Innovaci\u00f3n S.A.S Nit No. 901.379.407-1<\/p><p>D+I Business S.A.S Nit No. 901.717.602-0<\/p><p>DI Accounting S.A.S Nit No. 901605985 -5<\/p><p>Innovaci\u00f3n Disruptiva S.A.S. Nit No. 901.922.654-1<\/p><p>Legalnova LLC \/ FN. L21000064015 <\/p><p>Legalnova Accounting LLC \/ FN. L22000419547 <\/p>\t\t\t\t\t\t\t\t<\/div>\n\t\t\t\t<div class=\"elementor-element elementor-element-be73924 wcf-starter-animations-none wcf-t-animation-none elementor-widget elementor-widget-wcf--title\" data-id=\"be73924\" data-element_type=\"widget\" data-settings=\"{&quot;wcf_starter_animations&quot;:&quot;none&quot;,&quot;wcf_anim_duration&quot;:1000,&quot;wcf_anim_delay&quot;:0,&quot;wcf_anim_ease&quot;:&quot;ease&quot;,&quot;wcf_text_animation&quot;:&quot;none&quot;,&quot;wcf-animation&quot;:&quot;none&quot;}\" data-widget_type=\"wcf--title.default\">\n\t\t\t\t<div class=\"elementor-widget-container\">\n\t\t\t\t\t<h3 class=\"wcf--title\">\u00bfC\u00f3mo puede contactarnos? <\/h3>\t\t\t\t<\/div>\n\t\t\t\t<\/div>\n\t\t\t\t<div class=\"elementor-element elementor-element-79c1a1c wcf-starter-animations-none wcf-t-animation-none elementor-widget elementor-widget-text-editor\" data-id=\"79c1a1c\" data-element_type=\"widget\" data-settings=\"{&quot;wcf_starter_animations&quot;:&quot;none&quot;,&quot;wcf_anim_duration&quot;:1000,&quot;wcf_anim_delay&quot;:0,&quot;wcf_anim_ease&quot;:&quot;ease&quot;,&quot;wcf_text_animation&quot;:&quot;none&quot;,&quot;wcf-animation&quot;:&quot;none&quot;}\" data-widget_type=\"text-editor.default\">\n\t\t\t\t\t\t\t\t\t<p>Tel\u00e9fono: 3117101017<\/p><p>Correo electr\u00f3nico: info@legalnova.co<\/p><p>Direcci\u00f3n: Calle 97a # 9 &#8211; 45 Of 403 Bogot\u00e1, Colombia.<\/p>\t\t\t\t\t\t\t\t<\/div>\n\t\t\t\t<div class=\"elementor-element elementor-element-f5252f2 wcf-starter-animations-none wcf-t-animation-none elementor-widget elementor-widget-wcf--title\" data-id=\"f5252f2\" data-element_type=\"widget\" data-settings=\"{&quot;wcf_starter_animations&quot;:&quot;none&quot;,&quot;wcf_anim_duration&quot;:1000,&quot;wcf_anim_delay&quot;:0,&quot;wcf_anim_ease&quot;:&quot;ease&quot;,&quot;wcf_text_animation&quot;:&quot;none&quot;,&quot;wcf-animation&quot;:&quot;none&quot;}\" data-widget_type=\"wcf--title.default\">\n\t\t\t\t<div class=\"elementor-widget-container\">\n\t\t\t\t\t<h4 class=\"wcf--title\">Definiciones clave<\/h4>\t\t\t\t<\/div>\n\t\t\t\t<\/div>\n\t\t\t\t<div class=\"elementor-element elementor-element-6575ec4 wcf-starter-animations-none wcf-t-animation-none elementor-widget elementor-widget-text-editor\" data-id=\"6575ec4\" data-element_type=\"widget\" data-settings=\"{&quot;wcf_starter_animations&quot;:&quot;none&quot;,&quot;wcf_anim_duration&quot;:1000,&quot;wcf_anim_delay&quot;:0,&quot;wcf_anim_ease&quot;:&quot;ease&quot;,&quot;wcf_text_animation&quot;:&quot;none&quot;,&quot;wcf-animation&quot;:&quot;none&quot;}\" data-widget_type=\"text-editor.default\">\n\t\t\t\t\t\t\t\t\t<p>Aqu\u00ed le explicamos de forma sencilla algunos t\u00e9rminos que encontrar\u00e1 en esta pol\u00edtica:<\/p><ul><li><strong>Autorizaci\u00f3n:<\/strong> Es su consentimiento previo y expreso para que podamos usar sus datos personales.<\/li><li><strong>Base de Datos:<\/strong> Es el conjunto organizado de su informaci\u00f3n personal que recolectamos y administramos.<\/li><li><strong>Dato Personal:<\/strong> Es cualquier informaci\u00f3n que le identifica o le hace identificable (como su nombre, c\u00e9dula, correo electr\u00f3nico, etc.).<\/li><li><strong>Responsable del Tratamiento:<\/strong> Somos nosotros, legalnova*, quienes tratamos los datos.<\/li><li><strong>Titular:<\/strong> Es usted, la persona due\u00f1a de sus datos personales.<\/li><li><strong>Tratamiento:<\/strong> Es cualquier operaci\u00f3n que hacemos con la informaci\u00f3n, como recolectarla, almacenarla, usarla, compartirla o eliminarla.<\/li><li><strong>Transferencia y Transmisi\u00f3n:<\/strong> Son las acciones de compartir sus datos con otras personas o empresas, ya sea dentro o fuera de Colombia, siempre bajo estrictas medidas de seguridad<\/li><\/ul>\t\t\t\t\t\t\t\t<\/div>\n\t\t\t\t<div class=\"elementor-element elementor-element-fd349eb wcf-starter-animations-none wcf-t-animation-none elementor-widget elementor-widget-wcf--title\" data-id=\"fd349eb\" data-element_type=\"widget\" data-settings=\"{&quot;wcf_starter_animations&quot;:&quot;none&quot;,&quot;wcf_anim_duration&quot;:1000,&quot;wcf_anim_delay&quot;:0,&quot;wcf_anim_ease&quot;:&quot;ease&quot;,&quot;wcf_text_animation&quot;:&quot;none&quot;,&quot;wcf-animation&quot;:&quot;none&quot;}\" data-widget_type=\"wcf--title.default\">\n\t\t\t\t<div class=\"elementor-widget-container\">\n\t\t\t\t\t<h4 class=\"wcf--title\">I. \u00bfQui\u00e9n es el responsable del tratamiento de sus datos?<\/h4>\t\t\t\t<\/div>\n\t\t\t\t<\/div>\n\t\t\t\t<div class=\"elementor-element elementor-element-5bb8e92 wcf-starter-animations-none wcf-t-animation-none elementor-widget elementor-widget-text-editor\" data-id=\"5bb8e92\" data-element_type=\"widget\" data-settings=\"{&quot;wcf_starter_animations&quot;:&quot;none&quot;,&quot;wcf_anim_duration&quot;:1000,&quot;wcf_anim_delay&quot;:0,&quot;wcf_anim_ease&quot;:&quot;ease&quot;,&quot;wcf_text_animation&quot;:&quot;none&quot;,&quot;wcf-animation&quot;:&quot;none&quot;}\" data-widget_type=\"text-editor.default\">\n\t\t\t\t\t\t\t\t\t<p>En legalnova* somos un conjunto de firmas y la entidad que sea parte en su Propuesta comercial actuar\u00e1 como Responsable del Tratamiento. No obstante, el grupo act\u00faa de forma coordinada para proteger su informaci\u00f3n. <\/p>\t\t\t\t\t\t\t\t<\/div>\n\t\t\t\t<div class=\"elementor-element elementor-element-596a1eb wcf-starter-animations-none wcf-t-animation-none elementor-widget elementor-widget-wcf--title\" data-id=\"596a1eb\" data-element_type=\"widget\" data-settings=\"{&quot;wcf_starter_animations&quot;:&quot;none&quot;,&quot;wcf_anim_duration&quot;:1000,&quot;wcf_anim_delay&quot;:0,&quot;wcf_anim_ease&quot;:&quot;ease&quot;,&quot;wcf_text_animation&quot;:&quot;none&quot;,&quot;wcf-animation&quot;:&quot;none&quot;}\" data-widget_type=\"wcf--title.default\">\n\t\t\t\t<div class=\"elementor-widget-container\">\n\t\t\t\t\t<h4 class=\"wcf--title\">II. \u00bfQu\u00e9 datos recolectamos y para qu\u00e9 los usamos? (Finalidades)  <\/h4>\t\t\t\t<\/div>\n\t\t\t\t<\/div>\n\t\t\t\t<div class=\"elementor-element elementor-element-072709d wcf-starter-animations-none wcf-t-animation-none elementor-widget elementor-widget-text-editor\" data-id=\"072709d\" data-element_type=\"widget\" data-settings=\"{&quot;wcf_starter_animations&quot;:&quot;none&quot;,&quot;wcf_anim_duration&quot;:1000,&quot;wcf_anim_delay&quot;:0,&quot;wcf_anim_ease&quot;:&quot;ease&quot;,&quot;wcf_text_animation&quot;:&quot;none&quot;,&quot;wcf-animation&quot;:&quot;none&quot;}\" data-widget_type=\"text-editor.default\">\n\t\t\t\t\t\t\t\t\t<p>Usamos sus datos personales para las siguientes finalidades, las cuales autoriza al contratar nuestros servicios:<\/p><p> <\/p><p><strong>A. Para la prestaci\u00f3n de nuestros servicios y gesti\u00f3n administrativa:<\/strong><\/p><p> <\/p><ul><li><strong>Ejecuci\u00f3n del Contrato:<\/strong> Para prestarle los servicios legales, contables, tributarios o de innovaci\u00f3n que contrat\u00f3 y que est\u00e1n descritos en la Propuesta comercial.<\/li><li><strong>Facturaci\u00f3n y Pagos:<\/strong> Para generar y enviar facturas, gestionar los pagos y cumplir con las obligaciones fiscales y contables.<\/li><li><strong>Comunicaci\u00f3n:<\/strong> Para mantenerle al tanto de los avances del proyecto, solicitarle informaci\u00f3n o validaciones, y coordinar reuniones.<\/li><\/ul><p> <\/p><p><strong>B. Para la gesti\u00f3n de riesgo y cumplimiento normativo:<\/strong><\/p><p> <\/p><ul><li><strong>Verificaci\u00f3n de Identidad:<\/strong> Para realizar consultas sobre su informaci\u00f3n en centrales de riesgo y listas vinculantes para la prevenci\u00f3n del lavado de activos (LAFT).<\/li><li><strong>Gesti\u00f3n de Cartera:<\/strong> Para enviarle recordatorios de pago y, en caso de mora, para contactarle e iniciar procesos de cobro prejur\u00eddico o jur\u00eddico.<\/li><\/ul><p> <\/p><p><strong>C. Para fines de marketing y referencia comercial:<\/strong><\/p><p> <\/p><ul><li><strong>Uso de Marca:<\/strong> Para mencionar su nombre y\/o usar su logo en nuestro portafolio y material de marketing como cliente de legalnova*, a menos que nos notifique por escrito lo contrario.<\/li><\/ul><p> <\/p><p><strong>D. Para compartir con terceros (transmisi\u00f3n y transferencia de datos):<\/strong><\/p><p> <\/p><ul><li><strong>Grupo Empresarial:<\/strong> Para compartir su informaci\u00f3n entre las diferentes sociedades que conforman legalnova* con el fin de prestarle un servicio integral, gestionar el riesgo crediticio y aplicar las medidas contractuales en caso de incumplimiento.<\/li><li><strong>Aliados Externos:<\/strong> Para compartir o transmitir su informaci\u00f3n a firmas o profesionales expertos cuando el servicio lo requiera, tal como se identifique en la Propuesta Comercial.<\/li><li><strong>Entidades de Cobranza:<\/strong> Para suministrar su informaci\u00f3n a una entidad externa especializada en recuperaci\u00f3n de cartera para gestionar el cobro de deudas vencidas.<\/li><li><strong>Proveedores Tecnol\u00f3gicos:<\/strong> Para procesar su informaci\u00f3n utilizando herramientas tecnol\u00f3gicas y plataformas de Inteligencia Artificial que nos ayudan a ser m\u00e1s eficientes, garantizando siempre que estos proveedores cumplan con estrictos protocolos de seguridad y confidencialidad.<\/li><\/ul>\t\t\t\t\t\t\t\t<\/div>\n\t\t\t\t<div class=\"elementor-element elementor-element-e063d52 wcf-starter-animations-none wcf-t-animation-none elementor-widget elementor-widget-wcf--title\" data-id=\"e063d52\" data-element_type=\"widget\" data-settings=\"{&quot;wcf_starter_animations&quot;:&quot;none&quot;,&quot;wcf_anim_duration&quot;:1000,&quot;wcf_anim_delay&quot;:0,&quot;wcf_anim_ease&quot;:&quot;ease&quot;,&quot;wcf_text_animation&quot;:&quot;none&quot;,&quot;wcf-animation&quot;:&quot;none&quot;}\" data-widget_type=\"wcf--title.default\">\n\t\t\t\t<div class=\"elementor-widget-container\">\n\t\t\t\t\t<h5 class=\"wcf--title\">III. \u00bfCu\u00e1les son sus derechos como titular de los datos?  <\/h5>\t\t\t\t<\/div>\n\t\t\t\t<\/div>\n\t\t\t\t<div class=\"elementor-element elementor-element-900e742 wcf-starter-animations-none wcf-t-animation-none elementor-widget elementor-widget-text-editor\" data-id=\"900e742\" data-element_type=\"widget\" data-settings=\"{&quot;wcf_starter_animations&quot;:&quot;none&quot;,&quot;wcf_anim_duration&quot;:1000,&quot;wcf_anim_delay&quot;:0,&quot;wcf_anim_ease&quot;:&quot;ease&quot;,&quot;wcf_text_animation&quot;:&quot;none&quot;,&quot;wcf-animation&quot;:&quot;none&quot;}\" data-widget_type=\"text-editor.default\">\n\t\t\t\t\t\t\t\t\t<ul><li>Conocer, actualizar y rectificar sus datos personales.<\/li><li>Solicitarnos prueba de la autorizaci\u00f3n otorgada.<\/li><li>Ser informado sobre el uso de sus datos.<\/li><li>Presentar ante la Superintendencia de Industria y Comercio quejas por infracciones a lo dispuesto en la ley 1581 de 2012 y normas aplicables.<\/li><li>Revocar la autorizaci\u00f3n y\/o solicitar la supresi\u00f3n de los datos cuando en el Tratamiento no se respeten los principios, derechos y garant\u00edas constitucionales y legales.<\/li><li>Acceder gratuitamente a los datos personales objeto de Tratamiento.<\/li><li>Autorizar a terceros para suministrarles sus datos.<\/li><li>Consultar su informaci\u00f3n personal reposada en nuestra base de datos.<\/li><\/ul>\t\t\t\t\t\t\t\t<\/div>\n\t\t\t\t<div class=\"elementor-element elementor-element-7528263 wcf-starter-animations-none wcf-t-animation-none elementor-widget elementor-widget-wcf--title\" data-id=\"7528263\" data-element_type=\"widget\" data-settings=\"{&quot;wcf_starter_animations&quot;:&quot;none&quot;,&quot;wcf_anim_duration&quot;:1000,&quot;wcf_anim_delay&quot;:0,&quot;wcf_anim_ease&quot;:&quot;ease&quot;,&quot;wcf_text_animation&quot;:&quot;none&quot;,&quot;wcf-animation&quot;:&quot;none&quot;}\" data-widget_type=\"wcf--title.default\">\n\t\t\t\t<div class=\"elementor-widget-container\">\n\t\t\t\t\t<h5 class=\"wcf--title\">IV. \u00bfCu\u00e1les son las obligaciones de legalnova* como responsable del tratamiento? <\/h5>\t\t\t\t<\/div>\n\t\t\t\t<\/div>\n\t\t\t\t<div class=\"elementor-element elementor-element-c6e1787 wcf-starter-animations-none wcf-t-animation-none elementor-widget elementor-widget-text-editor\" data-id=\"c6e1787\" data-element_type=\"widget\" data-settings=\"{&quot;wcf_starter_animations&quot;:&quot;none&quot;,&quot;wcf_anim_duration&quot;:1000,&quot;wcf_anim_delay&quot;:0,&quot;wcf_anim_ease&quot;:&quot;ease&quot;,&quot;wcf_text_animation&quot;:&quot;none&quot;,&quot;wcf-animation&quot;:&quot;none&quot;}\" data-widget_type=\"text-editor.default\">\n\t\t\t\t\t\t\t\t\t<ul><li>Solicitar y conservar copia de la autorizaci\u00f3n otorgada por usted.<\/li><li>Informarle sobre la finalidad de la recolecci\u00f3n y sus derechos al autorizar el tratamiento.<\/li><li>Conservar la informaci\u00f3n bajo est\u00e1ndares de seguridad.<\/li><li>Tramitar sus consultas y reclamos.<\/li><li>Adoptar un manual interno de pol\u00edticas y procedimientos para garantizar el adecuado cumplimiento de la ley para atender consultas y reclamos.<\/li><li>Informar a solicitud del Titular sobre el uso dado a sus datos.<\/li><li>Informar a la autoridad de protecci\u00f3n de datos cuando se presenten violaciones a los c\u00f3digos de seguridad y existan riesgos en la administraci\u00f3n de sus datos.<\/li><li>Cumplir las instrucciones y requerimientos de la Superintendencia de Industria y Comercio.<\/li><\/ul><p> <\/p><p><em>Los datos recolectados en ning\u00fan momento exceder\u00e1n el \u00e1mbito y la finalidad para los que se hubieren obtenido. De esta manera, se da estricto cumplimiento al principio de finalidad consagrado en la Ley 1581 de 2012 de Colombia y sus normas reglamentarias. <\/em><\/p>\t\t\t\t\t\t\t\t<\/div>\n\t\t\t\t<div class=\"elementor-element elementor-element-7b02c7c wcf-starter-animations-none wcf-t-animation-none elementor-widget elementor-widget-wcf--title\" data-id=\"7b02c7c\" data-element_type=\"widget\" data-settings=\"{&quot;wcf_starter_animations&quot;:&quot;none&quot;,&quot;wcf_anim_duration&quot;:1000,&quot;wcf_anim_delay&quot;:0,&quot;wcf_anim_ease&quot;:&quot;ease&quot;,&quot;wcf_text_animation&quot;:&quot;none&quot;,&quot;wcf-animation&quot;:&quot;none&quot;}\" data-widget_type=\"wcf--title.default\">\n\t\t\t\t<div class=\"elementor-widget-container\">\n\t\t\t\t\t<h5 class=\"wcf--title\">V. Requisito de edad.<\/h5>\t\t\t\t<\/div>\n\t\t\t\t<\/div>\n\t\t\t\t<div class=\"elementor-element elementor-element-7928748 wcf-starter-animations-none wcf-t-animation-none elementor-widget elementor-widget-text-editor\" data-id=\"7928748\" data-element_type=\"widget\" data-settings=\"{&quot;wcf_starter_animations&quot;:&quot;none&quot;,&quot;wcf_anim_duration&quot;:1000,&quot;wcf_anim_delay&quot;:0,&quot;wcf_anim_ease&quot;:&quot;ease&quot;,&quot;wcf_text_animation&quot;:&quot;none&quot;,&quot;wcf-animation&quot;:&quot;none&quot;}\" data-widget_type=\"text-editor.default\">\n\t\t\t\t\t\t\t\t\t<p>La Plataforma est\u00e1 dirigida exclusivamente a mayores de 18 a\u00f1os. Al momento del registro, se incluir\u00e1 una casilla de verificaci\u00f3n con el texto: <\/p><p> <\/p><p>\u00abReconozco que soy mayor de 18 a\u00f1os y acepto estas pol\u00edticas\u00bb, como medida para restringir el acceso a menores de edad. <\/p><p> <\/p><p>Tener en cuenta para la p\u00e1gina web.<\/p>\t\t\t\t\t\t\t\t<\/div>\n\t\t\t\t<div class=\"elementor-element elementor-element-25a4b40 wcf-starter-animations-none wcf-t-animation-none elementor-widget elementor-widget-wcf--title\" data-id=\"25a4b40\" data-element_type=\"widget\" data-settings=\"{&quot;wcf_starter_animations&quot;:&quot;none&quot;,&quot;wcf_anim_duration&quot;:1000,&quot;wcf_anim_delay&quot;:0,&quot;wcf_anim_ease&quot;:&quot;ease&quot;,&quot;wcf_text_animation&quot;:&quot;none&quot;,&quot;wcf-animation&quot;:&quot;none&quot;}\" data-widget_type=\"wcf--title.default\">\n\t\t\t\t<div class=\"elementor-widget-container\">\n\t\t\t\t\t<h5 class=\"wcf--title\">VI. Vigencia de las bases de datos <\/h5>\t\t\t\t<\/div>\n\t\t\t\t<\/div>\n\t\t\t\t<div class=\"elementor-element elementor-element-0980897 wcf-starter-animations-none wcf-t-animation-none elementor-widget elementor-widget-text-editor\" data-id=\"0980897\" data-element_type=\"widget\" data-settings=\"{&quot;wcf_starter_animations&quot;:&quot;none&quot;,&quot;wcf_anim_duration&quot;:1000,&quot;wcf_anim_delay&quot;:0,&quot;wcf_anim_ease&quot;:&quot;ease&quot;,&quot;wcf_text_animation&quot;:&quot;none&quot;,&quot;wcf-animation&quot;:&quot;none&quot;}\" data-widget_type=\"text-editor.default\">\n\t\t\t\t\t\t\t\t\t<p>leganova* conservar\u00e1 los Datos personales mientras se mantenga vigente la finalidad para las cuales fueron recolectados, y para atender nuestras obligaciones legales.<\/p><p> <\/p><p>El per\u00edodo de retenci\u00f3n de su informaci\u00f3n depender\u00e1 de la existencia de un v\u00ednculo contractual o comercial, de la vigencia de su autorizaci\u00f3n para fines adicionales como el marketing, y de los plazos obligatorios establecidos por las normativas aplicables.<\/p><p> <\/p><p>Por lo tanto, sus datos ser\u00e1n tratados mientras exista un inter\u00e9s leg\u00edtimo o una base legal para ello. Una vez cumplidos dichos plazos, y siempre que no exista una obligaci\u00f3n legal de conservarlos, procederemos a la eliminaci\u00f3n segura de su informaci\u00f3n. <\/p>\t\t\t\t\t\t\t\t<\/div>\n\t\t\t\t<div class=\"elementor-element elementor-element-54d4a70 wcf-starter-animations-none wcf-t-animation-none elementor-widget elementor-widget-wcf--title\" data-id=\"54d4a70\" data-element_type=\"widget\" data-settings=\"{&quot;wcf_starter_animations&quot;:&quot;none&quot;,&quot;wcf_anim_duration&quot;:1000,&quot;wcf_anim_delay&quot;:0,&quot;wcf_anim_ease&quot;:&quot;ease&quot;,&quot;wcf_text_animation&quot;:&quot;none&quot;,&quot;wcf-animation&quot;:&quot;none&quot;}\" data-widget_type=\"wcf--title.default\">\n\t\t\t\t<div class=\"elementor-widget-container\">\n\t\t\t\t\t<h5 class=\"wcf--title\">VII. Transferencia y transmisi\u00f3n de datos <\/h5>\t\t\t\t<\/div>\n\t\t\t\t<\/div>\n\t\t\t\t<div class=\"elementor-element elementor-element-d2baaa4 wcf-starter-animations-none wcf-t-animation-none elementor-widget elementor-widget-text-editor\" data-id=\"d2baaa4\" data-element_type=\"widget\" data-settings=\"{&quot;wcf_starter_animations&quot;:&quot;none&quot;,&quot;wcf_anim_duration&quot;:1000,&quot;wcf_anim_delay&quot;:0,&quot;wcf_anim_ease&quot;:&quot;ease&quot;,&quot;wcf_text_animation&quot;:&quot;none&quot;,&quot;wcf-animation&quot;:&quot;none&quot;}\" data-widget_type=\"text-editor.default\">\n\t\t\t\t\t\t\t\t\t<p>Podremos realizar la transferencia y\/o transmisi\u00f3n de datos personales a nivel nacional e internacional, garantizando en todo momento el cumplimiento de la Ley 1581 de 2012 y dem\u00e1s normativas aplicables en materia de protecci\u00f3n de datos personales.<\/p><p> <\/p><p>Propenderemos por que la transferencia internacional se realice siempre a pa\u00edses que proporcionen niveles adecuados de protecci\u00f3n de datos; de no ser as\u00ed, adoptaremos las medidas contractuales y de seguridad necesarias para garantizar la integridad, confidencialidad y legalidad del tratamiento de la informaci\u00f3n, conforme a las disposiciones establecidas por la Superintendencia de Industria y Comercio (SIC) y la Ley.<\/p><p> <\/p><p>Asimismo, la transferencia y\/o transmisi\u00f3n de datos personales la realizaremos cuando exista su autorizaci\u00f3n expresa como Titular, salvo las excepciones contempladas en la ley y sea necesaria para la ejecuci\u00f3n de un contrato entre Usted y legalnova*.<\/p><p> <\/p><p>En todos los casos, legalnova* propender\u00e1 porque los terceros receptores de los datos personales cumplan con est\u00e1ndares adecuados de protecci\u00f3n y adopten las medidas necesarias para su correcto tratamiento, en l\u00ednea con los principios de legalidad, seguridad y confidencialidad establecidos en la legislaci\u00f3n vigente.<\/p><p> <\/p><p>Por consiguiente, acepta que sus datos personales puedan ser transferidos y\/o transmitidos nacional o internacionalmente. El retiro de su consentimiento tendr\u00e1 efectos \u00fanicamente hacia adelante, sin afectar la validez ni la legalidad de los tratamientos, acciones o decisiones realizadas con anterioridad a dicha revocaci\u00f3n, las cuales se mantendr\u00e1n en los mismos t\u00e9rminos en que fueron llevadas a cabo. <\/p>\t\t\t\t\t\t\t\t<\/div>\n\t\t\t\t<div class=\"elementor-element elementor-element-b84c4e7 wcf-starter-animations-none wcf-t-animation-none elementor-widget elementor-widget-wcf--title\" data-id=\"b84c4e7\" data-element_type=\"widget\" data-settings=\"{&quot;wcf_starter_animations&quot;:&quot;none&quot;,&quot;wcf_anim_duration&quot;:1000,&quot;wcf_anim_delay&quot;:0,&quot;wcf_anim_ease&quot;:&quot;ease&quot;,&quot;wcf_text_animation&quot;:&quot;none&quot;,&quot;wcf-animation&quot;:&quot;none&quot;}\" data-widget_type=\"wcf--title.default\">\n\t\t\t\t<div class=\"elementor-widget-container\">\n\t\t\t\t\t<h5 class=\"wcf--title\">IX. Seguridad de la informaci\u00f3n  <\/h5>\t\t\t\t<\/div>\n\t\t\t\t<\/div>\n\t\t\t\t<div class=\"elementor-element elementor-element-6f55ae7 wcf-starter-animations-none wcf-t-animation-none elementor-widget elementor-widget-text-editor\" data-id=\"6f55ae7\" data-element_type=\"widget\" data-settings=\"{&quot;wcf_starter_animations&quot;:&quot;none&quot;,&quot;wcf_anim_duration&quot;:1000,&quot;wcf_anim_delay&quot;:0,&quot;wcf_anim_ease&quot;:&quot;ease&quot;,&quot;wcf_text_animation&quot;:&quot;none&quot;,&quot;wcf-animation&quot;:&quot;none&quot;}\" data-widget_type=\"text-editor.default\">\n\t\t\t\t\t\t\t\t\t<p>En legalnova* estamos obligados a cumplir con toda la normativa aplicable en materia de medidas de seguridad de datos personales. Para ello, utilizamos los est\u00e1ndares de la industria en protecci\u00f3n de la confidencialidad, incluyendo medidas como cortafuegos (\u00abfirewalls\u00bb) y Secure Socket Layers (\u00abSSL\u00bb), y emplea diversas t\u00e9cnicas de seguridad para proteger los datos contra accesos no autorizados. <\/p><p> <\/p><p>Toda la informaci\u00f3n recibida se almacena en servidores seguros donde se han implementado medidas t\u00e9cnicas y organizativas adecuadas para proteger los datos; y evaluamos continuamente la seguridad de su red y su programa interno de seguridad, el cual est\u00e1 dise\u00f1ado para:<\/p><ul><li>Ayudar a mantener los datos seguros en caso de p\u00e9rdida, acceso o divulgaci\u00f3n accidental o il\u00edcita.<\/li><li>Identificar riesgos de seguridad razonablemente previsibles para la red de legalnova*.<\/li><li>Minimizar los riesgos de seguridad mediante evaluaciones y verificaciones regulares.<\/li><\/ul><p> <\/p><p>Sin perjuicio de lo anterior, y considerando que internet es un sistema abierto y de acceso p\u00fablico, en legalnova* no podemos garantizar que terceros no autorizados puedan eventualmente superar las medidas de seguridad y utilizar la Informaci\u00f3n Personal de forma indebida.<\/p>\t\t\t\t\t\t\t\t<\/div>\n\t\t\t\t<div class=\"elementor-element elementor-element-16acbb5 wcf-starter-animations-none wcf-t-animation-none elementor-widget elementor-widget-wcf--title\" data-id=\"16acbb5\" data-element_type=\"widget\" data-settings=\"{&quot;wcf_starter_animations&quot;:&quot;none&quot;,&quot;wcf_anim_duration&quot;:1000,&quot;wcf_anim_delay&quot;:0,&quot;wcf_anim_ease&quot;:&quot;ease&quot;,&quot;wcf_text_animation&quot;:&quot;none&quot;,&quot;wcf-animation&quot;:&quot;none&quot;}\" data-widget_type=\"wcf--title.default\">\n\t\t\t\t<div class=\"elementor-widget-container\">\n\t\t\t\t\t<h5 class=\"wcf--title\">X. \u00bfC\u00f3mo hacer solicitudes sobre el tratamiento de datos?<\/h5>\t\t\t\t<\/div>\n\t\t\t\t<\/div>\n\t\t\t\t<div class=\"elementor-element elementor-element-1db9aac wcf-starter-animations-none wcf-t-animation-none elementor-widget elementor-widget-text-editor\" data-id=\"1db9aac\" data-element_type=\"widget\" data-settings=\"{&quot;wcf_starter_animations&quot;:&quot;none&quot;,&quot;wcf_anim_duration&quot;:1000,&quot;wcf_anim_delay&quot;:0,&quot;wcf_anim_ease&quot;:&quot;ease&quot;,&quot;wcf_text_animation&quot;:&quot;none&quot;,&quot;wcf-animation&quot;:&quot;none&quot;}\" data-widget_type=\"text-editor.default\">\n\t\t\t\t\t\t\t\t\t<p>Si tiene alguna consulta o solicitud sobre el tratamiento de sus datos, cont\u00e1ctenos:<\/p><p>admin@legalnova.co<\/p><p> <\/p><p>Responderemos a su solicitud en m\u00e1ximo 15 d\u00edas h\u00e1biles. La consulta deber\u00e1 contener: <\/p><ol><li>Su nombre, identificaci\u00f3n y n\u00famero o correo de contacto.<\/li><li>Descripci\u00f3n de los Datos que desea consultar.<\/li><li>Descripci\u00f3n de la consulta que realiza.<\/li><li>Documentos soporte, si aplica.<\/li><\/ol><p> <\/p><p>Si la consulta no incluye estos requerimientos, le informaremos en 5 d\u00edas desde que la recibamos. Tendr\u00e1 2 meses para corregirla; si no lo hace, entenderemos que desisti\u00f3 de la solicitud. <\/p>\t\t\t\t\t\t\t\t<\/div>\n\t\t\t\t<div class=\"elementor-element elementor-element-e10e1c4 wcf-starter-animations-none wcf-t-animation-none elementor-widget elementor-widget-wcf--title\" data-id=\"e10e1c4\" data-element_type=\"widget\" data-settings=\"{&quot;wcf_starter_animations&quot;:&quot;none&quot;,&quot;wcf_anim_duration&quot;:1000,&quot;wcf_anim_delay&quot;:0,&quot;wcf_anim_ease&quot;:&quot;ease&quot;,&quot;wcf_text_animation&quot;:&quot;none&quot;,&quot;wcf-animation&quot;:&quot;none&quot;}\" data-widget_type=\"wcf--title.default\">\n\t\t\t\t<div class=\"elementor-widget-container\">\n\t\t\t\t\t<h5 class=\"wcf--title\">XI. Marco legal <\/h5>\t\t\t\t<\/div>\n\t\t\t\t<\/div>\n\t\t\t\t<div class=\"elementor-element elementor-element-6d68852 wcf-starter-animations-none wcf-t-animation-none elementor-widget elementor-widget-text-editor\" data-id=\"6d68852\" data-element_type=\"widget\" data-settings=\"{&quot;wcf_starter_animations&quot;:&quot;none&quot;,&quot;wcf_anim_duration&quot;:1000,&quot;wcf_anim_delay&quot;:0,&quot;wcf_anim_ease&quot;:&quot;ease&quot;,&quot;wcf_text_animation&quot;:&quot;none&quot;,&quot;wcf-animation&quot;:&quot;none&quot;}\" data-widget_type=\"text-editor.default\">\n\t\t\t\t\t\t\t\t\t<p>Esta pol\u00edtica y nuestro compromiso con la protecci\u00f3n de sus datos se rige por las normas colombianas, en especial la ley 1581 de 2012, el decreto 1377 de 2013 y cualquier norma que las modifique, adicione o complemente.<\/p>\t\t\t\t\t\t\t\t<\/div>\n\t\t\t\t<div class=\"elementor-element elementor-element-f88e168 wcf-starter-animations-none wcf-t-animation-none elementor-widget elementor-widget-wcf--title\" data-id=\"f88e168\" data-element_type=\"widget\" data-settings=\"{&quot;wcf_starter_animations&quot;:&quot;none&quot;,&quot;wcf_anim_duration&quot;:1000,&quot;wcf_anim_delay&quot;:0,&quot;wcf_anim_ease&quot;:&quot;ease&quot;,&quot;wcf_text_animation&quot;:&quot;none&quot;,&quot;wcf-animation&quot;:&quot;none&quot;}\" data-widget_type=\"wcf--title.default\">\n\t\t\t\t<div class=\"elementor-widget-container\">\n\t\t\t\t\t<h5 class=\"wcf--title\">XII. Modificaciones a la Pol\u00edtica <\/h5>\t\t\t\t<\/div>\n\t\t\t\t<\/div>\n\t\t\t\t<div class=\"elementor-element elementor-element-fc1b92a wcf-starter-animations-none wcf-t-animation-none elementor-widget elementor-widget-text-editor\" data-id=\"fc1b92a\" data-element_type=\"widget\" data-settings=\"{&quot;wcf_starter_animations&quot;:&quot;none&quot;,&quot;wcf_anim_duration&quot;:1000,&quot;wcf_anim_delay&quot;:0,&quot;wcf_anim_ease&quot;:&quot;ease&quot;,&quot;wcf_text_animation&quot;:&quot;none&quot;,&quot;wcf-animation&quot;:&quot;none&quot;}\" data-widget_type=\"text-editor.default\">\n\t\t\t\t\t\t\t\t\t<p>Podremos modificar esta Pol\u00edtica en cualquier momento. Para esto, publicaremos un aviso en la p\u00e1gina web o en el medio que habilitemos, con 15 d\u00edas h\u00e1biles antes de la implementaci\u00f3n de los cambios durante la vigencia de la pol\u00edtica. <\/p><p> <\/p><p>Si no est\u00e1 de acuerdo con la nueva Pol\u00edtica, podr\u00e1 solicitar el retiro de su informaci\u00f3n a trav\u00e9s del correo indicado anteriormente. Sin embargo, no podr\u00e1 solicitar el retiro de los datos mientras mantenga un v\u00ednculo con legalnova*. <\/p><p> <\/p><p>Esta Pol\u00edtica entra en vigencia desde octubre de 2025.<\/p>\t\t\t\t\t\t\t\t<\/div>\n\t\t\t\t<\/div>\n\t\t\t\t\t<\/div>\n\t\t\t\t<\/div>\n\t\t\t\t<\/div>\n\t\t","protected":false},"excerpt":{"rendered":"<p>Pol\u00edtica de Privacidad y Tratamiento de Datos Bienvenido al Universo legalnova*. legalnova* es una firma consultora con presencia en EE. UU. y COL que ofrece soluciones legales, contables y fiscales a proyectos de innovaci\u00f3n en LATAM. Tenemos 2 verticales: Startups y Corporativos. Transformamos lo tradicional con soluciones integrales e internacionales, combinando innovaci\u00f3n, tecnolog\u00eda y aprendizaje [&hellip;]<\/p>\n","protected":false},"author":1,"featured_media":16618,"parent":0,"menu_order":0,"comment_status":"closed","ping_status":"closed","template":"elementor_header_footer","meta":{"inline_featured_image":false,"_joinchat":[],"footnotes":""},"class_list":["post-16473","page","type-page","status-publish","has-post-thumbnail","hentry"],"yoast_head":"<!-- This site is optimized with the Yoast SEO plugin v27.4 - https:\/\/yoast.com\/product\/yoast-seo-wordpress\/ -->\n<title>Pol\u00edtica de Tratamiento de Datos | Legalnova<\/title>\n<meta name=\"description\" content=\"La Pol\u00edtica de Tratamiento de Datos de Legalnova explica c\u00f3mo recopilamos, utilizamos y protegemos sus datos personales en cumplimiento de la ley aplicable.\" \/>\n<meta name=\"robots\" content=\"index, follow, max-snippet:-1, max-image-preview:large, max-video-preview:-1\" \/>\n<link rel=\"canonical\" href=\"https:\/\/legalnova.co\/es\/politica-de-tratamiento-de-datos\/\" \/>\n<meta property=\"og:locale\" content=\"es_ES\" \/>\n<meta property=\"og:type\" content=\"article\" \/>\n<meta property=\"og:title\" content=\"Pol\u00edtica de Tratamiento de Datos | Legalnova\" \/>\n<meta property=\"og:description\" content=\"La Pol\u00edtica de Tratamiento de Datos de Legalnova explica c\u00f3mo recopilamos, utilizamos y protegemos sus datos personales en cumplimiento de la ley aplicable.\" \/>\n<meta property=\"og:url\" content=\"https:\/\/legalnova.co\/es\/politica-de-tratamiento-de-datos\/\" \/>\n<meta property=\"og:site_name\" content=\"legalnova*\" \/>\n<meta property=\"article:modified_time\" content=\"2025-12-03T17:13:50+00:00\" \/>\n<meta property=\"og:image\" content=\"https:\/\/legalnova.co\/wp-content\/uploads\/2025\/10\/Favicon-Legalnova.png\" \/>\n\t<meta property=\"og:image:width\" content=\"512\" \/>\n\t<meta property=\"og:image:height\" content=\"512\" \/>\n\t<meta property=\"og:image:type\" content=\"image\/png\" \/>\n<meta name=\"twitter:card\" content=\"summary_large_image\" \/>\n<meta name=\"twitter:label1\" content=\"Tiempo de lectura\" \/>\n\t<meta name=\"twitter:data1\" content=\"9 minutos\" \/>\n<!-- \/ Yoast SEO plugin. -->","yoast_head_json":{"title":"Pol\u00edtica de Tratamiento de Datos | Legalnova","description":"La Pol\u00edtica de Tratamiento de Datos de Legalnova explica c\u00f3mo recopilamos, utilizamos y protegemos sus datos personales en cumplimiento de la ley aplicable.","robots":{"index":"index","follow":"follow","max-snippet":"max-snippet:-1","max-image-preview":"max-image-preview:large","max-video-preview":"max-video-preview:-1"},"canonical":"https:\/\/legalnova.co\/es\/politica-de-tratamiento-de-datos\/","og_locale":"es_ES","og_type":"article","og_title":"Pol\u00edtica de Tratamiento de Datos | Legalnova","og_description":"La Pol\u00edtica de Tratamiento de Datos de Legalnova explica c\u00f3mo recopilamos, utilizamos y protegemos sus datos personales en cumplimiento de la ley aplicable.","og_url":"https:\/\/legalnova.co\/es\/politica-de-tratamiento-de-datos\/","og_site_name":"legalnova*","article_modified_time":"2025-12-03T17:13:50+00:00","og_image":[{"width":512,"height":512,"url":"https:\/\/legalnova.co\/wp-content\/uploads\/2025\/10\/Favicon-Legalnova.png","type":"image\/png"}],"twitter_card":"summary_large_image","twitter_misc":{"Tiempo de lectura":"9 minutos"},"schema":{"@context":"https:\/\/schema.org","@graph":[{"@type":"WebPage","@id":"https:\/\/legalnova.co\/es\/politica-de-tratamiento-de-datos\/","url":"https:\/\/legalnova.co\/es\/politica-de-tratamiento-de-datos\/","name":"Pol\u00edtica de Tratamiento de Datos | Legalnova","isPartOf":{"@id":"https:\/\/legalnova.co\/es\/#website"},"primaryImageOfPage":{"@id":"https:\/\/legalnova.co\/es\/politica-de-tratamiento-de-datos\/#primaryimage"},"image":{"@id":"https:\/\/legalnova.co\/es\/politica-de-tratamiento-de-datos\/#primaryimage"},"thumbnailUrl":"https:\/\/legalnova.co\/wp-content\/uploads\/2025\/10\/Favicon-Legalnova.png","datePublished":"2025-10-29T02:58:23+00:00","dateModified":"2025-12-03T17:13:50+00:00","description":"La Pol\u00edtica de Tratamiento de Datos de Legalnova explica c\u00f3mo recopilamos, utilizamos y protegemos sus datos personales en cumplimiento de la ley aplicable.","breadcrumb":{"@id":"https:\/\/legalnova.co\/es\/politica-de-tratamiento-de-datos\/#breadcrumb"},"inLanguage":"es","potentialAction":[{"@type":"ReadAction","target":["https:\/\/legalnova.co\/es\/politica-de-tratamiento-de-datos\/"]}]},{"@type":"ImageObject","inLanguage":"es","@id":"https:\/\/legalnova.co\/es\/politica-de-tratamiento-de-datos\/#primaryimage","url":"https:\/\/legalnova.co\/wp-content\/uploads\/2025\/10\/Favicon-Legalnova.png","contentUrl":"https:\/\/legalnova.co\/wp-content\/uploads\/2025\/10\/Favicon-Legalnova.png","width":512,"height":512,"caption":"Favicon Legalnova"},{"@type":"BreadcrumbList","@id":"https:\/\/legalnova.co\/es\/politica-de-tratamiento-de-datos\/#breadcrumb","itemListElement":[{"@type":"ListItem","position":1,"name":"Home","item":"https:\/\/legalnova.co\/es\/"},{"@type":"ListItem","position":2,"name":"Pol\u00edtica de privacidad"}]},{"@type":"WebSite","@id":"https:\/\/legalnova.co\/es\/#website","url":"https:\/\/legalnova.co\/es\/","name":"legalnova*","description":"legalnova*","publisher":{"@id":"https:\/\/legalnova.co\/es\/#organization"},"potentialAction":[{"@type":"SearchAction","target":{"@type":"EntryPoint","urlTemplate":"https:\/\/legalnova.co\/es\/?s={search_term_string}"},"query-input":{"@type":"PropertyValueSpecification","valueRequired":true,"valueName":"search_term_string"}}],"inLanguage":"es"},{"@type":"Organization","@id":"https:\/\/legalnova.co\/es\/#organization","name":"legalnova*","url":"https:\/\/legalnova.co\/es\/","logo":{"@type":"ImageObject","inLanguage":"es","@id":"https:\/\/legalnova.co\/es\/#\/schema\/logo\/image\/","url":"https:\/\/legalnova.co\/wp-content\/uploads\/2025\/10\/Logo-Legalnova.png","contentUrl":"https:\/\/legalnova.co\/wp-content\/uploads\/2025\/10\/Logo-Legalnova.png","width":179,"height":49,"caption":"legalnova*"},"image":{"@id":"https:\/\/legalnova.co\/es\/#\/schema\/logo\/image\/"}}]}},"_links":{"self":[{"href":"https:\/\/legalnova.co\/es\/wp-json\/wp\/v2\/pages\/16473","targetHints":{"allow":["GET"]}}],"collection":[{"href":"https:\/\/legalnova.co\/es\/wp-json\/wp\/v2\/pages"}],"about":[{"href":"https:\/\/legalnova.co\/es\/wp-json\/wp\/v2\/types\/page"}],"author":[{"embeddable":true,"href":"https:\/\/legalnova.co\/es\/wp-json\/wp\/v2\/users\/1"}],"replies":[{"embeddable":true,"href":"https:\/\/legalnova.co\/es\/wp-json\/wp\/v2\/comments?post=16473"}],"version-history":[{"count":2,"href":"https:\/\/legalnova.co\/es\/wp-json\/wp\/v2\/pages\/16473\/revisions"}],"predecessor-version":[{"id":19461,"href":"https:\/\/legalnova.co\/es\/wp-json\/wp\/v2\/pages\/16473\/revisions\/19461"}],"wp:featuredmedia":[{"embeddable":true,"href":"https:\/\/legalnova.co\/es\/wp-json\/wp\/v2\/media\/16618"}],"wp:attachment":[{"href":"https:\/\/legalnova.co\/es\/wp-json\/wp\/v2\/media?parent=16473"}],"curies":[{"name":"wp","href":"https:\/\/api.w.org\/{rel}","templated":true}]}}